{"id":709,"date":"2017-10-24T14:16:42","date_gmt":"2017-10-24T14:16:42","guid":{"rendered":"http:\/\/cie-veiculo-longo.fr\/?page_id=709"},"modified":"2020-07-24T11:41:24","modified_gmt":"2020-07-24T11:41:24","slug":"creations-in-situ","status":"publish","type":"page","link":"https:\/\/cie-veiculo-longo.fr\/?page_id=709","title":{"rendered":"Cr\u00e9ations in situ"},"content":{"rendered":"<h3>\u00a0<\/h3>\n<h3 style=\"text-align: center;\"><span style=\"text-decoration: underline;\"><strong>INFLECHIR<\/strong><\/span><\/h3>\n<h3 style=\"text-align: center;\">Cr\u00e9ation In situ pour \u00ab\u00a0La Ru\u00e9e\u00a0\u00bb<\/h3>\n<p style=\"text-align: center;\">Le 19 Mai 2019 \/ Arthon (36)<\/p>\n<h3>\u00a0<\/h3>\n<figure class=\"wp-block-image\"><img loading=\"lazy\" decoding=\"async\" width=\"960\" height=\"548\" class=\"wp-image-1023\" src=\"http:\/\/cie-veiculo-longo.fr\/wp-content\/uploads\/2019\/03\/41958010_1779611958833429_6382368796820111360_n.jpg\" alt=\"\" srcset=\"https:\/\/cie-veiculo-longo.fr\/wp-content\/uploads\/2019\/03\/41958010_1779611958833429_6382368796820111360_n.jpg 960w, https:\/\/cie-veiculo-longo.fr\/wp-content\/uploads\/2019\/03\/41958010_1779611958833429_6382368796820111360_n-300x171.jpg 300w, https:\/\/cie-veiculo-longo.fr\/wp-content\/uploads\/2019\/03\/41958010_1779611958833429_6382368796820111360_n-768x438.jpg 768w\" sizes=\"auto, (max-width: 960px) 100vw, 960px\" \/><\/figure>\n<p style=\"text-align: right;\">@Margo Ritte<\/p>\n<h3>\u00a0<\/h3>\n<p style=\"text-align: justify;\">infl\u00e9chir , verbe transitif Prendre une nouvelle direction, se d\u00e9vier, se courber. Modifier l&rsquo;orientation de quelqu&rsquo;un ou de quelque chose. Synonymes : influencer, d\u00e9vier, orienter, d\u00e9river, plier, fl\u00e9chir<\/p>\n<p style=\"text-align: justify;\">Parce qu&rsquo;on se donnera le droit de changer d&rsquo;avis, de contourner, ou d&rsquo;aller dedans. Parce qu&rsquo;on se donnera le droit de vous faire changer d&rsquo;avis, de vous contourner ou de vous rentrer dedans. Parce que si l&rsquo;insurrection ne vient pas a nous, nous irons \u00e0 elle.<\/p>\n<p style=\"text-align: justify;\">Danse : Elodie CURADO<\/p>\n<p style=\"text-align: justify;\">Batterie : Antoine Hefti<\/p>\n<p style=\"text-align: justify;\">Dur\u00e9e : 20 minutes<\/p>\n<h3>\u00a0<\/h3>\n\n\n<p><\/p>\n\n\n\n<p><\/p>\n\n\n<h3 style=\"text-align: center;\"><span style=\"text-decoration: underline;\"><strong>LA DANSE DES \u00c9CLAIR\u00c9.ES<\/strong><\/span><\/h3>\n<h3 style=\"text-align: center;\">Cr\u00e9ation In situ pour \u00ab\u00a0Les soir\u00e9es Lumineuses\u00a0\u00bb<\/h3>\n<p style=\"text-align: center;\">le 2 Aout 2019\/ Saint Aignan (41)<\/p>\n<p style=\"text-align: justify;\">Forme sp\u00e9cifique, pour un groupe de participant.e.s volontaires, issu.e.s de quatre ateliers chor\u00e9graphiques men\u00e9s entre F\u00e9vrier et Mars 2019.<\/p>\n<p style=\"text-align: justify;\">FAIRE CORPS Etre solidaire, soutenir quelque chose ou quelqu&rsquo;un. Ne faire qu&rsquo;un.<\/p>\n<p style=\"text-align: justify;\">Faire un \u00e9tat des lieux<\/p>\n<p style=\"text-align: justify;\">Faire de son corps un lieu Faire corps avec le lieu Faire lieu avec son corps Faire un \u00e9tat des lieux de son corps Eclairer la ville par la danse. Mettre en lumi\u00e8re un individu et son environnement. Trouver ses quartiers, sa maison, ses habitudes et ses rituels \u00e0 l&rsquo;int\u00e9rieur. Habiter un lieu.<\/p>\n<p style=\"text-align: justify;\">Elodie Curado : Intervenante des ateliers, danseuse et chor\u00e9graphe.<\/p>\n<p style=\"text-align: justify;\">Antoine Hefti : Musicien, batterie.<\/p>\n<p style=\"text-align: justify;\">Erwan Sautereau : R\u00e9gie lumi\u00e8re.<\/p>\n<h3 style=\"text-align: justify;\">\u00a0<\/h3>\n\n\n<p><\/p>\n\n\n<h3 style=\"text-align: center;\"><strong><span style=\"text-decoration: underline;\">CURIEUX<\/span><\/strong><\/h3>\n<h3 style=\"text-align: center;\">Cr\u00e9ation In situ pour \u00ab\u00a0Les wagons\u00a0\u00bb<\/h3>\n<p style=\"text-align: center;\"><a href=\"http:\/\/cie-veiculo-longo.fr\/wp-content\/uploads\/2017\/10\/JHL_3208-veiculo-longo-attaques-poetiques.jpg\" rel=\"attachment wp-att-811\"><img loading=\"lazy\" decoding=\"async\" class=\"aligncenter wp-image-811\" src=\"http:\/\/cie-veiculo-longo.fr\/wp-content\/uploads\/2017\/10\/JHL_3208-veiculo-longo-attaques-poetiques.jpg\" alt=\"JHL_3208 - veiculo longo - attaques poetiques\" width=\"323\" height=\"485\" srcset=\"https:\/\/cie-veiculo-longo.fr\/wp-content\/uploads\/2017\/10\/JHL_3208-veiculo-longo-attaques-poetiques.jpg 3497w, https:\/\/cie-veiculo-longo.fr\/wp-content\/uploads\/2017\/10\/JHL_3208-veiculo-longo-attaques-poetiques-200x300.jpg 200w, https:\/\/cie-veiculo-longo.fr\/wp-content\/uploads\/2017\/10\/JHL_3208-veiculo-longo-attaques-poetiques-768x1152.jpg 768w, https:\/\/cie-veiculo-longo.fr\/wp-content\/uploads\/2017\/10\/JHL_3208-veiculo-longo-attaques-poetiques-683x1024.jpg 683w\" sizes=\"auto, (max-width: 323px) 100vw, 323px\" \/><\/a>\u00a0\u00a0\u00a0\u00a0\u00a0\u00a0\u00a0\u00a0\u00a0\u00a0\u00a0\u00a0\u00a0\u00a0\u00a0\u00a0\u00a0\u00a0\u00a0\u00a0\u00a0\u00a0\u00a0\u00a0\u00a0\u00a0\u00a0\u00a0\u00a0\u00a0\u00a0\u00a0\u00a0\u00a0\u00a0\u00a0\u00a0\u00a0\u00a0\u00a0\u00a0\u00a0\u00a0\u00a0\u00a0\u00a0\u00a0\u00a0\u00a0\u00a0\u00a0\u00a0\u00a0\u00a0\u00a0\u00a0\u00a0\u00a0\u00a0\u00a0 @Joris Hole<\/p>\n<p>Performance sensible et exploratoire.<br \/>Jouer autour dessus dedans.<br \/>Oser le voyage en d\u00e9rision, le relief n&rsquo;en sera que plus flagrant.<br \/>Les mots comme bagages, le corps comme contenant.<br \/>Ouverture des portes vers une nouvelle saison.<br \/>Le d\u00e9versoir de nos pens\u00e9es pour parler de la n\u00e9cessit\u00e9 \u00e0 \u00eatre ici.<br \/>Autour, dessus, dedans.<br \/>On se demandera qu&rsquo;est ce qu&rsquo;il y a l\u00e0 bas.<\/p>\n<p>Distribution : Cyril Solnais \/ Elodie Curado<\/p>\n<h3 style=\"text-align: center;\">\u00a0<\/h3>\n<h3 style=\"text-align: center;\"><strong><span style=\"text-decoration: underline;\">DES ASTRES<\/span><\/strong><\/h3>\n<h3 style=\"text-align: center;\">Cr\u00e9ation In situ pour le festival The Palace To Be<\/h3>\n<p style=\"text-align: center;\"><a href=\"http:\/\/cie-veiculo-longo.fr\/wp-content\/uploads\/2016\/02\/P1250396.jpg\" rel=\"attachment wp-att-613\"><img loading=\"lazy\" decoding=\"async\" class=\"aligncenter wp-image-613\" src=\"http:\/\/cie-veiculo-longo.fr\/wp-content\/uploads\/2016\/02\/P1250396.jpg\" alt=\"P1250396\" width=\"433\" height=\"433\" srcset=\"https:\/\/cie-veiculo-longo.fr\/wp-content\/uploads\/2016\/02\/P1250396.jpg 1722w, https:\/\/cie-veiculo-longo.fr\/wp-content\/uploads\/2016\/02\/P1250396-150x150.jpg 150w, https:\/\/cie-veiculo-longo.fr\/wp-content\/uploads\/2016\/02\/P1250396-300x300.jpg 300w, https:\/\/cie-veiculo-longo.fr\/wp-content\/uploads\/2016\/02\/P1250396-768x768.jpg 768w, https:\/\/cie-veiculo-longo.fr\/wp-content\/uploads\/2016\/02\/P1250396-1024x1024.jpg 1024w\" sizes=\"auto, (max-width: 433px) 100vw, 433px\" \/><\/a><\/p>\n<p style=\"text-align: justify;\"><strong>Des Astres<\/strong> parle de la capacit\u00e9 de r\u00e9silience de l&rsquo;humain.<br \/><strong>Des Astres<\/strong> est un trou avec un fond.<br \/><strong>Des Astres<\/strong> ne parle de rien.<br \/><strong>Des Astres<\/strong> parle de tout.<br \/><strong>Des Astres<\/strong> pense que la paix est un concept et la guerre une exp\u00e9rience.<br \/><strong>Des Astres<\/strong> ne croit pas \u00e0 la chance.<br \/><strong>Des Astres<\/strong> regarde vers le ciel et n&rsquo;en tire aucune conclusion.<br \/><strong>Des Astres<\/strong> est un acte performatif\u00a0 corps, batterie.<\/p>\n<p style=\"text-align: justify;\">Il se d\u00e9roule en 3 temps :<\/p>\n<p style=\"text-align: justify;\">Surboum r\u00e9volt\u00e9e : les 4 minutes de ta vie.<br \/>La fin de la guerre : hommage \u00e0 Rambo.<br \/>R\u00e9solution : par la s\u00e8ve.<\/p>\n<p style=\"text-align: justify;\">Distribution :<\/p>\n<p style=\"text-align: justify;\">Corps : Elodie Curado, Cl\u00e9mence Philippe, Lou pajot, Cl\u00e9mentine Faucon.<br \/>Batterie : Antoine Hefti<\/p>\n<p style=\"text-align: justify;\">R\u00e9gie : Erwan Sautereau<\/p>\n<p style=\"text-align: justify;\">Dur\u00e9e totale : 35 minutes<\/p>\n<h3>\u00a0<\/h3>\n<h3 style=\"text-align: center;\"><span style=\"text-decoration: underline;\"><strong>PEACE FOR FREAKS<\/strong><\/span><\/h3>\n<h3 style=\"text-align: center;\">Cr\u00e9ation In situ pour le festival Bordures<\/h3>\n<p><a href=\"http:\/\/cie-veiculo-longo.fr\/wp-content\/uploads\/2017\/10\/20638052_794354600725170_8723044562854179222_n.jpg\" rel=\"attachment wp-att-805\"><img loading=\"lazy\" decoding=\"async\" class=\"aligncenter wp-image-805\" src=\"http:\/\/cie-veiculo-longo.fr\/wp-content\/uploads\/2017\/10\/20638052_794354600725170_8723044562854179222_n.jpg\" alt=\"20638052_794354600725170_8723044562854179222_n\" width=\"624\" height=\"416\" srcset=\"https:\/\/cie-veiculo-longo.fr\/wp-content\/uploads\/2017\/10\/20638052_794354600725170_8723044562854179222_n.jpg 960w, https:\/\/cie-veiculo-longo.fr\/wp-content\/uploads\/2017\/10\/20638052_794354600725170_8723044562854179222_n-300x200.jpg 300w, https:\/\/cie-veiculo-longo.fr\/wp-content\/uploads\/2017\/10\/20638052_794354600725170_8723044562854179222_n-768x512.jpg 768w\" sizes=\"auto, (max-width: 624px) 100vw, 624px\" \/><\/a><\/p>\n<p style=\"text-align: justify;\">Un monstre est un individu ou une cr\u00e9ature dont l&rsquo;apparence, voire le comportement, surprend par son \u00e9cart avec les normes d&rsquo;une soci\u00e9t\u00e9.<br \/>Le monstre est ce que l&rsquo;on montre du doigt, et aussi ce qui se montre, ce qui traduit la puissance divine de la Cr\u00e9ation, capable de mettre du d\u00e9sordre dans l&rsquo;ordre ou le contraire, provoquant soit la terreur, soit l&rsquo;admiration. L&rsquo;\u00e9cart avec la norme est \u00e0 double sens, la fronti\u00e8re s&rsquo;efface entre les monstres et les merveilles.<br \/>Nous parlerons de la paix comme d&rsquo;un concept.<br \/>Nous proposerons un \u00e9tat de calme ou de tranquillit\u00e9 et l&rsquo;absence de perturbation, de trouble, de guerre et de conflit.<br \/>Cela n&rsquo;impliquera pas l&rsquo;absence de conflit, mais une r\u00e9solution syst\u00e9matiquement calme et mesur\u00e9e.<\/p>\n<p style=\"text-align: justify;\">Distribution :<\/p>\n<p style=\"text-align: justify;\">Guitare : Yannick Vilaines<\/p>\n<p style=\"text-align: justify;\">Corps : Elodie Curado<\/p>\n<h3 style=\"text-align: justify;\">\u00a0<\/h3>\n<h3 style=\"text-align: center;\"><span style=\"text-decoration: underline;\"><strong>LA CAVALE BUCOLIQUE<\/strong><\/span><\/h3>\n<h3 style=\"text-align: center;\">Cr\u00e9ation in situ pour le festival \u00ab en mai, p\u00e9p\u00e8te lumi\u00e8re fait ce qu&rsquo;il lui pla\u00eet \u00bb.<\/h3>\n<p style=\"text-align: justify;\"><a href=\"http:\/\/cie-veiculo-longo.fr\/wp-content\/uploads\/2017\/10\/Balade2014_236.jpg\" rel=\"attachment wp-att-896\"><img loading=\"lazy\" decoding=\"async\" class=\"aligncenter wp-image-896\" src=\"http:\/\/cie-veiculo-longo.fr\/wp-content\/uploads\/2017\/10\/Balade2014_236.jpg\" alt=\"Balade2014_236\" width=\"614\" height=\"407\" srcset=\"https:\/\/cie-veiculo-longo.fr\/wp-content\/uploads\/2017\/10\/Balade2014_236.jpg 800w, https:\/\/cie-veiculo-longo.fr\/wp-content\/uploads\/2017\/10\/Balade2014_236-300x199.jpg 300w, https:\/\/cie-veiculo-longo.fr\/wp-content\/uploads\/2017\/10\/Balade2014_236-768x509.jpg 768w\" sizes=\"auto, (max-width: 614px) 100vw, 614px\" \/><\/a><br \/>D\u00e9ambulation frivole et ac\u00e9r\u00e9e. Travers\u00e9e de corps sonores.<\/p>\n<p style=\"text-align: justify;\">Men\u00e9e par deux contemporains alertes et contagieux cette cavale bucolique vous donnera l&rsquo;envie irr\u00e9sistible de plonger dans les buissons, de ressortir avec le go\u00fbt de la terre dans la bouche.<\/p>\n<p style=\"text-align: left;\">Distribution :<\/p>\n<p style=\"text-align: left;\">Nicolas Lanier<\/p>\n<p style=\"text-align: left;\">Elodie Curado<\/p>\n<h3 style=\"text-align: center;\">\u00a0<\/h3>\n<h3 style=\"text-align: center;\"><strong><span style=\"text-decoration: underline;\">BRIBES<\/span><\/strong><\/h3>\n<h3 style=\"text-align: center;\">Cr\u00e9ation in situe pour La M\u00e9andre.<\/h3>\n<p>Fragments qui restent d&rsquo;un tout, d\u2019un ensemble.<\/p>\n<p>Toutes sortes de restes ou de morceaux, notamment de paroles.<\/p>\n<p><a href=\"http:\/\/cie-veiculo-longo.fr\/wp-content\/uploads\/2016\/04\/Balade2014_255.jpg\" rel=\"attachment wp-att-656\"><img loading=\"lazy\" decoding=\"async\" class=\"aligncenter wp-image-656\" src=\"http:\/\/cie-veiculo-longo.fr\/wp-content\/uploads\/2016\/04\/Balade2014_255.jpg\" alt=\"Balade2014_255\" width=\"495\" height=\"328\" srcset=\"https:\/\/cie-veiculo-longo.fr\/wp-content\/uploads\/2016\/04\/Balade2014_255.jpg 800w, https:\/\/cie-veiculo-longo.fr\/wp-content\/uploads\/2016\/04\/Balade2014_255-300x199.jpg 300w, https:\/\/cie-veiculo-longo.fr\/wp-content\/uploads\/2016\/04\/Balade2014_255-768x509.jpg 768w\" sizes=\"auto, (max-width: 495px) 100vw, 495px\" \/><\/a><\/p>\n<p style=\"text-align: justify;\">Un protocole d&rsquo;improvisation offert par Mathias Forge \u00e0 Elodie Curado :<\/p>\n<p style=\"text-align: justify;\">Il enregistre une bande son d\u00e9di\u00e9e, il connait l&rsquo;espace et le point de vue. Il sait qui je suis et quel genre de \u00ab masque \u00bb je porterai, il sait que j&rsquo;aurai une chaise et des postes \u00e0 cassettes, il sait que je serai seule.<\/p>\n<p style=\"text-align: justify;\">Je prendrai connaissance de l&rsquo;espace dans lequel je jouerai quelques jours avant, j&rsquo;y passerai du temps, sans rien y faire, juste \u00e0 le rencontrer, l&rsquo;\u00e9couter, l&rsquo;infuser de ma pr\u00e9sence, le laisser m&rsquo; impacter.<\/p>\n<p style=\"text-align: justify;\">J&rsquo;\u00e9couterai la bande son de Mathias une seule fois, avant de jouer. Je vous proposerai une forme courte de 20 minutes au service de cet espace, avec les \u00ab bribes \u00bb de mes souvenirs d&rsquo;\u00e9coute.<\/p>\n<p style=\"text-align: justify;\">Ce protocole d&rsquo;improvisation tend a nourrir le pr\u00e9sent d&rsquo;une histoire fabriqu\u00e9e par l&rsquo;imaginaire de chacun d&rsquo;entre nous. A travers le souvenir d&rsquo;un son, d&rsquo;une parole. A travers les bouts qui restent d&rsquo;un mouvement. A travers notre histoire personnelle.<\/p>\n<p style=\"text-align: justify;\">Regarder un spectacle fabriqu\u00e9 par un lieu, mis en lumi\u00e8re par une personne, avec la sensibilit\u00e9 d&rsquo;un cr\u00e9ateur sonore \u00e0 des centaines de kilom\u00e8tres.<\/p>\n<h3 style=\"text-align: center;\"><strong><span style=\"text-decoration: underline;\">ETAT D&rsquo;URGENCE<\/span><\/strong><\/h3>\n<h3 style=\"text-align: center;\">cr\u00e9ation in situ pour le festival \u00ab\u00a0Aucard de Tours\u00a0\u00bb<\/h3>\n<p>Etat : Nature sous laquelle se pr\u00e9sente un corps \/ Mani\u00e8re d\u2019\u00eatre physique ou morale de quelqu\u2019un.<\/p>\n<p>Urgence : N\u00e9cessit\u00e9 d\u2019agir vite.<a href=\"http:\/\/cie-veiculo-longo.fr\/wp-content\/uploads\/2017\/10\/19430004_772960859531211_3765416147584395338_n.jpg\" rel=\"attachment wp-att-710\"><br \/><\/a><\/p>\n<p><a href=\"http:\/\/cie-veiculo-longo.fr\/wp-content\/uploads\/2017\/10\/19430004_772960859531211_3765416147584395338_n.jpg\" rel=\"attachment wp-att-710\"><img loading=\"lazy\" decoding=\"async\" class=\"aligncenter wp-image-710\" src=\"http:\/\/cie-veiculo-longo.fr\/wp-content\/uploads\/2017\/10\/19430004_772960859531211_3765416147584395338_n.jpg\" alt=\"19430004_772960859531211_3765416147584395338_n\" width=\"453\" height=\"302\" srcset=\"https:\/\/cie-veiculo-longo.fr\/wp-content\/uploads\/2017\/10\/19430004_772960859531211_3765416147584395338_n.jpg 960w, https:\/\/cie-veiculo-longo.fr\/wp-content\/uploads\/2017\/10\/19430004_772960859531211_3765416147584395338_n-300x200.jpg 300w, https:\/\/cie-veiculo-longo.fr\/wp-content\/uploads\/2017\/10\/19430004_772960859531211_3765416147584395338_n-768x512.jpg 768w\" sizes=\"auto, (max-width: 453px) 100vw, 453px\" \/><\/a><\/p>\n<p style=\"text-align: justify;\">Un mouvement de foule sur la grande place grillag\u00e9e sans issue : un carnage de gens \u00e9cras\u00e9s contre les barri\u00e8res qui ne peuvent aller nulle part.<\/p>\n<p style=\"text-align: justify;\">\u00a0\u00bb Tu pr\u00e9f\u00e8res un festival s\u00e9curis\u00e9 ou pas de festival du tout ?\u00a0\u00bb Ah ouais et toi tu pr\u00e9f\u00e8res ton p\u00e8re ou ta m\u00e8re ?<\/p>\n<p style=\"text-align: justify;\">Duo performatif d\u00e9ambulatoire.<\/p>\n<p style=\"text-align: justify;\">Batterie : Antoine hefti<\/p>\n<p style=\"text-align: justify;\">Corps : Elodie Curado<\/p>\n<p style=\"text-align: justify;\">Dur\u00e9e : 30 minutes<\/p>\n<h3 style=\"text-align: center;\"><strong><span style=\"text-decoration: underline;\">\u00a0UNE \u00c9CHAPP\u00c9E \u00c0 L\u2019HORIZON<\/span><\/strong><\/h3>\n<h3 style=\"text-align: center;\">Cr\u00e9ation in situ pour le festival de la Touline<\/h3>\n<p>Performance improvis\u00e9e dans laquelle le paysage est l\u2019acteur principal.<\/p>\n<p><a href=\"http:\/\/cie-veiculo-longo.fr\/wp-content\/uploads\/2017\/10\/netb.png\" rel=\"attachment wp-att-711\"><img loading=\"lazy\" decoding=\"async\" class=\"aligncenter wp-image-711\" src=\"http:\/\/cie-veiculo-longo.fr\/wp-content\/uploads\/2017\/10\/netb.png\" alt=\"netb\" width=\"450\" height=\"300\" srcset=\"https:\/\/cie-veiculo-longo.fr\/wp-content\/uploads\/2017\/10\/netb.png 960w, https:\/\/cie-veiculo-longo.fr\/wp-content\/uploads\/2017\/10\/netb-300x200.png 300w, https:\/\/cie-veiculo-longo.fr\/wp-content\/uploads\/2017\/10\/netb-768x512.png 768w\" sizes=\"auto, (max-width: 450px) 100vw, 450px\" \/><\/a><\/p>\n<p style=\"text-align: justify;\">Echapp\u00e9e : Court instant de . Court voyage par lequel on se lib\u00e8re de contraintes.<\/p>\n<p style=\"text-align: justify;\">Espace libre, mais resserr\u00e9, par lequel la vue peut plonger au loin.<\/p>\n<p style=\"text-align: justify;\">Horizon : Ligne imaginaire circulaire dont l&rsquo;observateur est le centre et o\u00f9 le ciel et la terre semblent se confondre. Domaine qui s&rsquo;ouvre \u00e0 l&rsquo;esprit et \u00e0 l&rsquo;activit\u00e9 de quelqu\u2019un.e .<\/p>","protected":false},"excerpt":{"rendered":"<a href=\"https:\/\/cie-veiculo-longo.fr\/?page_id=709\"><img loading=\"lazy\" decoding=\"async\" width=\"150\" height=\"150\" src=\"http:\/\/cie-veiculo-longo.fr\/wp-content\/plugins\/thumbnail-for-excerpts\/tfe_no_thumb.png\" class=\"alignleft wp-post-image tfe\" alt=\"\" title=\"\" \/><\/a><p>\u00a0 INFLECHIR Cr\u00e9ation In situ pour \u00ab\u00a0La Ru\u00e9e\u00a0\u00bb Le 19 Mai 2019 \/ Arthon (36) \u00a0 @Margo Ritte \u00a0 infl\u00e9chir , verbe transitif Prendre une nouvelle direction, se d\u00e9vier, se courber. Modifier l&rsquo;orientation de quelqu&rsquo;un ou de quelque chose. Synonymes : influencer, d\u00e9vier, orienter, d\u00e9river, plier, fl\u00e9chir Parce qu&rsquo;on se donnera le droit de changer [&hellip;]<\/p>\n","protected":false},"author":1,"featured_media":0,"parent":0,"menu_order":0,"comment_status":"closed","ping_status":"closed","template":"","meta":{"footnotes":""},"class_list":["post-709","page","type-page","status-publish","hentry"],"_links":{"self":[{"href":"https:\/\/cie-veiculo-longo.fr\/index.php?rest_route=\/wp\/v2\/pages\/709","targetHints":{"allow":["GET"]}}],"collection":[{"href":"https:\/\/cie-veiculo-longo.fr\/index.php?rest_route=\/wp\/v2\/pages"}],"about":[{"href":"https:\/\/cie-veiculo-longo.fr\/index.php?rest_route=\/wp\/v2\/types\/page"}],"author":[{"embeddable":true,"href":"https:\/\/cie-veiculo-longo.fr\/index.php?rest_route=\/wp\/v2\/users\/1"}],"replies":[{"embeddable":true,"href":"https:\/\/cie-veiculo-longo.fr\/index.php?rest_route=%2Fwp%2Fv2%2Fcomments&post=709"}],"version-history":[{"count":27,"href":"https:\/\/cie-veiculo-longo.fr\/index.php?rest_route=\/wp\/v2\/pages\/709\/revisions"}],"predecessor-version":[{"id":1106,"href":"https:\/\/cie-veiculo-longo.fr\/index.php?rest_route=\/wp\/v2\/pages\/709\/revisions\/1106"}],"wp:attachment":[{"href":"https:\/\/cie-veiculo-longo.fr\/index.php?rest_route=%2Fwp%2Fv2%2Fmedia&parent=709"}],"curies":[{"name":"wp","href":"https:\/\/api.w.org\/{rel}","templated":true}]}}